{"id":79,"date":"2010-09-16T13:33:39","date_gmt":"2010-09-16T13:33:39","guid":{"rendered":"http:\/\/localhost\/wordpress\/?page_id=79"},"modified":"2018-01-09T09:04:35","modified_gmt":"2018-01-09T09:04:35","slug":"chaidhan-deachaidhcha-deachaidh","status":"publish","type":"page","link":"https:\/\/storlann.co.uk\/mirean\/clar-amais\/ag-innse-mu-rudan-a-thachair-ron-a-seo\/chaidhan-deachaidhcha-deachaidh\/","title":{"rendered":"Chaidh\/an deach(aidh)\/cha deach(aidh)"},"content":{"rendered":"<h3 class=\"page-info\">M\u00ecneachadh<\/h3>\n<p>Tha caochladh dh\u00f2ighean sa Gh\u00e0idhlig air innse mu rudan a thachair ron a seo, mar eisimpleir a bhith a\u2019 cleachdadh nan riochdan a leanas de na faclan gn\u00ecomh neo-riaghailteach (ie an fheadhainn nach eil a\u2019 leantainn a\u2019 ph\u00e0train \u00e0bhaistich):<\/p>\n<ul type=\"circle\">\n<li><em>abair\/can<\/em><strong> thuirt (thubhairt)\/an tuirt\/cha tuirt<\/strong><\/li>\n<\/ul>\n<ul type=\"circle\">\n<li><em>beir <\/em><strong>rug\/an do rug\/cha do rug<\/strong><\/li>\n<\/ul>\n<ul type=\"circle\">\n<li><em>cluinn <\/em><strong>chuala\/an cuala\/cha chuala<\/strong><\/li>\n<\/ul>\n<ul type=\"circle\">\n<li><em>d\u00e8an <\/em><strong>rinn\/an do rinn\/cha do rinn<\/strong><\/li>\n<\/ul>\n<ul type=\"circle\">\n<li><em>faic<\/em><strong> chunnaic\/am faca\/chan fhaca <\/strong><\/li>\n<\/ul>\n<ul type=\"circle\">\n<li><em>faigh <\/em><strong>fhuair\/an d\u2019 fhuair\/cha d\u2019 fhuair<\/strong><\/li>\n<\/ul>\n<ul type=\"circle\">\n<li><em>rach<strong> <\/strong><\/em><strong>chaidh\/an deach\/cha deach<\/strong><\/li>\n<\/ul>\n<ul type=\"circle\">\n<li><em>ruig <\/em><strong>r\u00e0inig\/an do r\u00e0inig\/cha do r\u00e0inig<\/strong><\/li>\n<\/ul>\n<ul type=\"circle\">\n<li><em>thig<\/em><strong> th\u00e0inig\/an t\u00e0inig\/cha t\u00e0inig<\/strong><\/li>\n<\/ul>\n<ul type=\"circle\">\n<li><em>thoir <\/em><strong>thug\/an tug\/cha tug.<\/strong><\/li>\n<\/ul>\n<p>&nbsp;<\/p>\n<hr \/>\n<div id=\"ccchildpages-1\" class=\"ccchildpages ccflex twocol ccgreen ccclearfix\"><ul class=\"ccchildpages_list ccclearfix\"><li class=\"page_item page-item-106\"><a href=\"https:\/\/storlann.co.uk\/mirean\/clar-amais\/ag-innse-mu-rudan-a-thachair-ron-a-seo\/chaidhan-deachaidhcha-deachaidh\/eisimpleir\/\">Eisimpleirean<\/a><\/li>\n<li class=\"page_item page-item-108\"><a href=\"https:\/\/storlann.co.uk\/mirean\/clar-amais\/ag-innse-mu-rudan-a-thachair-ron-a-seo\/chaidhan-deachaidhcha-deachaidh\/obair-ire-t\/\">Obair \u00ecre T<\/a><\/li>\n<li class=\"page_item page-item-110\"><a href=\"https:\/\/storlann.co.uk\/mirean\/clar-amais\/ag-innse-mu-rudan-a-thachair-ron-a-seo\/chaidhan-deachaidhcha-deachaidh\/obair-ire-1\/\">Obair \u00ecre 1<\/a><\/li>\n<li class=\"page_item page-item-112\"><a href=\"https:\/\/storlann.co.uk\/mirean\/clar-amais\/ag-innse-mu-rudan-a-thachair-ron-a-seo\/chaidhan-deachaidhcha-deachaidh\/obair-ire-2\/\">Obair \u00ecre 2<\/a><\/li><\/ul><\/div>\n","protected":false},"excerpt":{"rendered":"<p>M\u00ecneachadh Tha caochladh dh\u00f2ighean sa Gh\u00e0idhlig air innse mu rudan a thachair ron a seo, mar eisimpleir a bhith a\u2019 cleachdadh nan riochdan a leanas de na faclan gn\u00ecomh neo-riaghailteach (ie an fheadhainn nach eil a\u2019 leantainn a\u2019 ph\u00e0train \u00e0bhaistich): abair\/can thuirt (thubhairt)\/an tuirt\/cha tuirt beir rug\/an do rug\/cha do rug cluinn chuala\/an cuala\/cha chuala [&hellip;]<\/p>\n","protected":false},"author":1,"featured_media":0,"parent":228,"menu_order":95,"comment_status":"closed","ping_status":"closed","template":"","meta":{"inline_featured_image":false,"footnotes":""},"class_list":["post-79","page","type-page","status-publish","hentry","has-post-title","has-post-date","has-post-category","has-post-tag","has-post-comment","has-post-author",""],"builder_content":"","_links":{"self":[{"href":"https:\/\/storlann.co.uk\/mirean\/wp-json\/wp\/v2\/pages\/79","targetHints":{"allow":["GET"]}}],"collection":[{"href":"https:\/\/storlann.co.uk\/mirean\/wp-json\/wp\/v2\/pages"}],"about":[{"href":"https:\/\/storlann.co.uk\/mirean\/wp-json\/wp\/v2\/types\/page"}],"author":[{"embeddable":true,"href":"https:\/\/storlann.co.uk\/mirean\/wp-json\/wp\/v2\/users\/1"}],"replies":[{"embeddable":true,"href":"https:\/\/storlann.co.uk\/mirean\/wp-json\/wp\/v2\/comments?post=79"}],"version-history":[{"count":0,"href":"https:\/\/storlann.co.uk\/mirean\/wp-json\/wp\/v2\/pages\/79\/revisions"}],"up":[{"embeddable":true,"href":"https:\/\/storlann.co.uk\/mirean\/wp-json\/wp\/v2\/pages\/228"}],"wp:attachment":[{"href":"https:\/\/storlann.co.uk\/mirean\/wp-json\/wp\/v2\/media?parent=79"}],"curies":[{"name":"wp","href":"https:\/\/api.w.org\/{rel}","templated":true}]}}