{"id":591,"date":"2010-11-09T17:43:04","date_gmt":"2010-11-09T15:43:04","guid":{"rendered":"https:\/\/storlann.co.uk\/mirean\/?page_id=591"},"modified":"2018-01-10T09:33:07","modified_gmt":"2018-01-10T09:33:07","slug":"eisimpleir","status":"publish","type":"page","link":"https:\/\/storlann.co.uk\/mirean\/clar-amais\/ag-innse-mu-chuisean-a-tha-aon-cheum-a-mach\/chan-urrainn-dhomh-a-bheinn-a-dhireadh-a-chionn-gu-bheil-mi-ro-sgith\/eisimpleir\/","title":{"rendered":"Eisimpleirean"},"content":{"rendered":"<table class=\"eisimpleirean-t\" title=\"This table contains useage examples\" border=\"1\" width=\"100%\" cellspacing=\"0\" cellpadding=\"0\">\n<tbody>\n<tr class=\"eisimpleirean-t-h\">\n<td width=\"191\">\n<p align=\"center\">P\u00e0irt 1 den t-seantans<\/p>\n<\/td>\n<td width=\"191\">\n<p align=\"center\">An ceangal<\/p>\n<\/td>\n<td width=\"224\">\n<p align=\"center\">P\u00e0irt 1 den t-seantans<\/p>\n<\/td>\n<\/tr>\n<tr>\n<td rowspan=\"2\" width=\"191\">Cha do rinn mi m\u00f2ran<\/td>\n<td rowspan=\"2\" width=\"191\">a chionn gu<br \/>\n airson gun<\/td>\n<td width=\"224\">bheil mi trang.<\/td>\n<\/tr>\n<tr>\n<td width=\"224\">do dh\u2019iarr iad orm stad.<\/td>\n<\/tr>\n<tr>\n<td width=\"191\">N\u00ec mi sin dhut<\/td>\n<td width=\"191\">nuair nach<br \/>\n ged nach<br \/>\n fhad \u2019s nach<br \/>\n o nach<\/td>\n<td width=\"224\">eil c\u00e0il agam ri dh\u00e8anamh.<br \/>\n do rinn mi riamh roimhe e.<br \/>\n innis thu do dhuine e.<br \/>\n d\u00e8an duine eile e.<\/td>\n<\/tr>\n<tr>\n<td width=\"191\">\u2019S fhe\u00e0rr dhomh falbh<br \/>\n Cha do dh\u2019fhalbh mi<\/td>\n<td width=\"191\">mus<br \/>\n gus an<\/td>\n<td width=\"224\">till iad.<br \/>\n do thill iad<\/td>\n<\/tr>\n<tr>\n<td width=\"191\">C\u00f2 agaibh<\/td>\n<td width=\"191\">nach<\/td>\n<td width=\"224\">do chr\u00ecochnaich ur n-obair?<\/td>\n<\/tr>\n<tr>\n<td rowspan=\"2\" width=\"191\">Sin an duine<\/td>\n<td width=\"191\">ris an<\/td>\n<td width=\"224\">robh mi a\u2019 bruidhinn.<\/td>\n<\/tr>\n<tr>\n<td width=\"191\">dhan<\/td>\n<td width=\"224\">toir mi an t-airgead.<\/td>\n<\/tr>\n<tr>\n<td width=\"191\">Sin an ostail<\/td>\n<td width=\"191\">anns am<\/td>\n<td width=\"224\">bi sinn a\u2019 fuireach.<\/td>\n<\/tr>\n<tr>\n<td width=\"191\">Chan eil fhios agam<\/td>\n<td width=\"191\">c\u00e0it (am)<br \/>\n far an<br \/>\n a<br \/>\n an<\/td>\n<td width=\"224\">bheil iad am falach.<br \/>\n do chuir mi mo pheann.<br \/>\n bheil iad a\u2019 dol ann.<br \/>\n do thill iad fhathast.<\/td>\n<\/tr>\n<tr>\n<td width=\"191\">Tha iad<\/td>\n<td width=\"191\">far an<\/td>\n<td width=\"224\">do dh\u2019fh\u00e0g thu iad.<\/td>\n<\/tr>\n<\/tbody>\n<\/table>\n<p>&nbsp;<\/p>\n","protected":false},"excerpt":{"rendered":"<p>P\u00e0irt 1 den t-seantans An ceangal P\u00e0irt 1 den t-seantans Cha do rinn mi m\u00f2ran a chionn gu airson gun bheil mi trang. do dh\u2019iarr iad orm stad. N\u00ec mi sin dhut nuair nach ged nach fhad \u2019s nach o nach eil c\u00e0il agam ri dh\u00e8anamh. do rinn mi riamh roimhe e. innis thu do [&hellip;]<\/p>\n","protected":false},"author":1,"featured_media":0,"parent":383,"menu_order":0,"comment_status":"closed","ping_status":"closed","template":"","meta":{"inline_featured_image":false,"footnotes":""},"class_list":["post-591","page","type-page","status-publish","hentry","has-post-title","has-post-date","has-post-category","has-post-tag","has-post-comment","has-post-author",""],"builder_content":"","_links":{"self":[{"href":"https:\/\/storlann.co.uk\/mirean\/wp-json\/wp\/v2\/pages\/591","targetHints":{"allow":["GET"]}}],"collection":[{"href":"https:\/\/storlann.co.uk\/mirean\/wp-json\/wp\/v2\/pages"}],"about":[{"href":"https:\/\/storlann.co.uk\/mirean\/wp-json\/wp\/v2\/types\/page"}],"author":[{"embeddable":true,"href":"https:\/\/storlann.co.uk\/mirean\/wp-json\/wp\/v2\/users\/1"}],"replies":[{"embeddable":true,"href":"https:\/\/storlann.co.uk\/mirean\/wp-json\/wp\/v2\/comments?post=591"}],"version-history":[{"count":0,"href":"https:\/\/storlann.co.uk\/mirean\/wp-json\/wp\/v2\/pages\/591\/revisions"}],"up":[{"embeddable":true,"href":"https:\/\/storlann.co.uk\/mirean\/wp-json\/wp\/v2\/pages\/383"}],"wp:attachment":[{"href":"https:\/\/storlann.co.uk\/mirean\/wp-json\/wp\/v2\/media?parent=591"}],"curies":[{"name":"wp","href":"https:\/\/api.w.org\/{rel}","templated":true}]}}