{"id":589,"date":"2010-11-09T17:42:40","date_gmt":"2010-11-09T15:42:40","guid":{"rendered":"https:\/\/storlann.co.uk\/mirean\/?page_id=589"},"modified":"2018-01-10T09:33:26","modified_gmt":"2018-01-10T09:33:26","slug":"obair-ire-1","status":"publish","type":"page","link":"https:\/\/storlann.co.uk\/mirean\/clar-amais\/ag-innse-mu-chuisean-a-tha-aon-cheum-a-mach\/chan-urrainn-dhomh-a-bheinn-a-dhireadh-a-chionn-gu-bheil-mi-ro-sgith\/obair-ire-1\/","title":{"rendered":"Obair \u00ecre 1"},"content":{"rendered":"<div class=\"obair-ire-1-wrapper\">\n<p class=\"obair-ire1\">Chan urrainn dhomh a&#8217; bheinn a dh\u00ecreadh a chionn gu bheil mi ro sg\u00ecth. Seallaidh mi dhuibh far am f\u00e0g sibh ur bagannan. Sin am fear dhan tu mi an leabhar. Bheil fhios agad c\u00e0ite bheil do leabhraichean. Tha iad far an do dh&#8217;fh\u00e0g thu iad.<\/p>\n<h3>Gn\u00ecomhan<\/h3>\n<p>Bidh <strong>naisgear<\/strong> a&#8217; ceangal seantansan neo abairtean ri ch\u00e8ile.<\/p>\n<p>Iarr air na sgoilearan a <strong>chionn gu<\/strong> a chleachdadh airson na seantansan seo a cheangal.<\/p>\n<p class=\"obair-highlight3\" align=\"center\"><strong>!!! D\u00e8an cinnteach gun cleachd thu: gun robh, gum bi, gu bheil !!!!!<\/strong><\/p>\n<table class=\"table-no-border\" border=\"0\" width=\"666\" cellspacing=\"0\" cellpadding=\"0\">\n<tbody>\n<tr>\n<td>Chaidh Catriona chun an dotair.<\/td>\n<td>Bha i tinn.<\/td>\n<\/tr>\n<tr>\n<td colspan=\"2\">\n<p class=\"obair-highlight3\"><strong>Chaidh Catriona chun an dotair a chionn gun robh i tinn. <\/strong><\/p>\n<\/td>\n<\/tr>\n<tr>\n<td colspan=\"2\">\n<hr \/>\n<\/td>\n<\/tr>\n<tr>\n<td>Tha Dadaidh crosta.<\/td>\n<td>Tha an c\u00e0r briste.<\/td>\n<\/tr>\n<tr>\n<td colspan=\"2\">\n<hr \/>\n<\/td>\n<\/tr>\n<tr>\n<td>Cha bhi mi a&#8217; seinn aig a&#8217; Mh\u00f2d<\/td>\n<td>Bidh mi ro nearbhach.<\/td>\n<\/tr>\n<tr>\n<td colspan=\"2\">\n<hr \/>\n<\/td>\n<\/tr>\n<tr>\n<td>Fhuair Niall br\u00f2gan \u00f9ra.<\/td>\n<td>Bha an seann bhr\u00f2gan aige ro bheag.<\/td>\n<\/tr>\n<tr>\n<td colspan=\"2\">\n<hr \/>\n<\/td>\n<\/tr>\n<tr>\n<td>Cha do dh&#8217;ith Iain suiteas.<\/td>\n<td>Bha an d\u00e8ideadh air.<\/td>\n<\/tr>\n<tr>\n<td colspan=\"2\">\n<hr \/>\n<\/td>\n<\/tr>\n<tr>\n<td>Cha do cheannaich M\u00f2rag an dreasa.<\/td>\n<td>Bha e ro dhaor.<\/td>\n<\/tr>\n<tr>\n<td colspan=\"2\">\n<hr \/>\n<\/td>\n<\/tr>\n<tr>\n<td>Tha mi a&#8217; falbh dhachaigh.<\/td>\n<td>Tha mi sg\u00ecth.<\/td>\n<\/tr>\n<tr>\n<td colspan=\"2\">\n<hr \/>\n<\/td>\n<\/tr>\n<\/tbody>\n<\/table>\n<p><strong><br \/>\n Taisbeanadh<\/strong><\/p>\n<p>D\u00e8an taisbeanadh air a&#8217; bhalla sgr\u00ecobhaidh le diofar naisgearan. Faodaidh a&#8217; chlann seo a chleachdadh airson an sgr\u00ecobhadh aca a dh\u00e8anamh nas inntinniche.<\/p>\n<h3 align=\"center\">Naisgearan<br \/>\n Bidh <strong>naisgear<\/strong> a&#8217; ceangal seantansan neo abairtean ri ch\u00e8ile.<\/h3>\n<p>&nbsp;<\/p>\n<p style=\"text-align: center;\"><img loading=\"lazy\" decoding=\"async\" class=\"aligncenter size-full wp-image-2254\" title=\"10D1\" src=\"https:\/\/storlann.co.uk\/mirean\/wp-content\/uploads\/2010\/11\/10D1.jpg\" alt=\"Image: exercise\" width=\"664\" height=\"356\" srcset=\"https:\/\/storlann.co.uk\/mirean\/wp-content\/uploads\/2010\/11\/10D1.jpg 664w, https:\/\/storlann.co.uk\/mirean\/wp-content\/uploads\/2010\/11\/10D1-300x160.jpg 300w\" sizes=\"auto, (max-width: 664px) 100vw, 664px\" \/><\/p>\n<table border=\"0\" width=\"666\" cellspacing=\"0\" cellpadding=\"0\">\n<tbody>\n<tr class=\"obair-ire1-table-bg\">\n<td>achionngu<\/td>\n<td>airsongu<\/td>\n<td>faran\/am<\/td>\n<td>gusan<\/td>\n<td>annsan<\/td>\n<td>risan<\/td>\n<td>dhan<\/td>\n<td>mus<\/td>\n<td>nuairnach<\/td>\n<td>onach<\/td>\n<td>gednach<\/td>\n<td>fhad&#8217;snach<\/td>\n<td>nach<\/td>\n<\/tr>\n<\/tbody>\n<\/table>\n<p>&nbsp;<\/p>\n<p><strong>D\u00e8 thachair an uair sin? (C\u00f2mhradh \/ sgr\u00ecobhadh)<\/strong><\/p>\n<p>Sgr\u00ecobh s\u00ecos diofar t\u00f2iseachaidhean seantans eadar-dhealaichte air p\u00ecosan beaga p\u00e0ipeir. Feumaidh na sgoilearan p\u00ecos a thogail agus cr\u00ecoch a chur orra, a&#8217; cleachdadh p\u00e0tran na seachdain.<\/p>\n<p>m.e.<\/p>\n<p><img loading=\"lazy\" decoding=\"async\" class=\"aligncenter size-full wp-image-2269\" title=\"10D1-pic2nsx\" src=\"https:\/\/storlann.co.uk\/mirean\/wp-content\/uploads\/2010\/11\/10D1-pic2nsx.jpg\" alt=\"Paper exercise\" width=\"658\" height=\"336\" srcset=\"https:\/\/storlann.co.uk\/mirean\/wp-content\/uploads\/2010\/11\/10D1-pic2nsx.jpg 658w, https:\/\/storlann.co.uk\/mirean\/wp-content\/uploads\/2010\/11\/10D1-pic2nsx-300x153.jpg 300w\" sizes=\"auto, (max-width: 658px) 100vw, 658px\" \/><\/p>\n<p>&nbsp;<\/p>\n<p>&nbsp;<\/p>\n<\/div>\n","protected":false},"excerpt":{"rendered":"<p>Chan urrainn dhomh a&#8217; bheinn a dh\u00ecreadh a chionn gu bheil mi ro sg\u00ecth. Seallaidh mi dhuibh far am f\u00e0g sibh ur bagannan. Sin am fear dhan tu mi an leabhar. Bheil fhios agad c\u00e0ite bheil do leabhraichean. Tha iad far an do dh&#8217;fh\u00e0g thu iad. Gn\u00ecomhan Bidh naisgear a&#8217; ceangal seantansan neo abairtean ri [&hellip;]<\/p>\n","protected":false},"author":1,"featured_media":0,"parent":383,"menu_order":26,"comment_status":"closed","ping_status":"closed","template":"","meta":{"inline_featured_image":false,"footnotes":""},"class_list":["post-589","page","type-page","status-publish","hentry","has-post-title","has-post-date","has-post-category","has-post-tag","has-post-comment","has-post-author",""],"builder_content":"","_links":{"self":[{"href":"https:\/\/storlann.co.uk\/mirean\/wp-json\/wp\/v2\/pages\/589","targetHints":{"allow":["GET"]}}],"collection":[{"href":"https:\/\/storlann.co.uk\/mirean\/wp-json\/wp\/v2\/pages"}],"about":[{"href":"https:\/\/storlann.co.uk\/mirean\/wp-json\/wp\/v2\/types\/page"}],"author":[{"embeddable":true,"href":"https:\/\/storlann.co.uk\/mirean\/wp-json\/wp\/v2\/users\/1"}],"replies":[{"embeddable":true,"href":"https:\/\/storlann.co.uk\/mirean\/wp-json\/wp\/v2\/comments?post=589"}],"version-history":[{"count":0,"href":"https:\/\/storlann.co.uk\/mirean\/wp-json\/wp\/v2\/pages\/589\/revisions"}],"up":[{"embeddable":true,"href":"https:\/\/storlann.co.uk\/mirean\/wp-json\/wp\/v2\/pages\/383"}],"wp:attachment":[{"href":"https:\/\/storlann.co.uk\/mirean\/wp-json\/wp\/v2\/media?parent=589"}],"curies":[{"name":"wp","href":"https:\/\/api.w.org\/{rel}","templated":true}]}}