{"id":348,"date":"2010-09-17T15:43:26","date_gmt":"2010-09-17T13:43:26","guid":{"rendered":"https:\/\/storlann.co.uk\/mirean\/?page_id=348"},"modified":"2018-01-09T09:15:14","modified_gmt":"2018-01-09T09:15:14","slug":"balach-beag-nighean-mhor","status":"publish","type":"page","link":"https:\/\/storlann.co.uk\/mirean\/clar-amais\/co-ris-a-tha-rud-no-neach-coltach\/balach-beag-nighean-mhor\/","title":{"rendered":"Balach beag, nighean mh\u00f2r"},"content":{"rendered":"<h3 class=\"page-info\">M\u00ecneachadh<\/h3>\n<p>Tha na faclan <strong>beag, m\u00f2r, math, dona, dubh, geal, luath, mall <\/strong>agus an leithid air an cleachdadh airson innse c\u00f2 ris a tha rud no neach coltach.<\/p>\n<p>Nuair a tha iad \u2018ceangailte\u2019 ri facal eile, ann an seantans a tha mu dheidhinn rudeigin eile, tha na faclan seo ag atharrachadh a r\u00e8ir an e facal <em>fireannta<\/em> no <em>boireannta<\/em> leis a bheil iad a\u2019 dol no a bheil c\u00f2rr is aon ann dhen rud:<\/p>\n<ul>\n<li>Tha balach beag aig an doras. (<em>fireannta<\/em>)<\/li>\n<li>Tha caileag <strong>bh<\/strong>eag c\u00f2mhla ris. (<em>boireannta<\/em>)<\/li>\n<li>Tha uinneagan m\u00f2r<strong>a <\/strong>air an taigh sin. (c\u00f2rr is aon)<\/li>\n<li>Tha leabhraichean math<strong>a<\/strong> anns an leabharlann.<\/li>\n<li>Tha balaich <strong>mh<\/strong>\u00f2r<strong>a <\/strong>a\u2019 cluiche san sgioba sin.<\/li>\n<li>Tha tr\u00ec cait <strong>gh<\/strong>eal<strong>a<\/strong> againn.<\/li>\n<\/ul>\n<p>[Chan eil toiseach an fhacail ag atharrachadh nuair is e <strong>\u2013an<\/strong> no <strong>\u2013ichean<\/strong> a tha a\u2019 sealltainn gu bheil c\u00f2rr is aon ann ach tha leis a\u2019 ph\u00e0tran: balach &gt; bala<strong>ich<\/strong>, cat &gt; ca<strong>it<\/strong>. Chan eil <strong>\u2013a<\/strong> a\u2019 dol aig deireadh fhaclan fada mar <strong>laghach <\/strong>no <strong>g\u00f2rach<\/strong>: piseagan <strong>laghach<\/strong>.]<\/p>\n<p>Ma tha leithid <strong>aig<\/strong>, <strong>air, anns, ris, don<\/strong> air an cleachdadh leis a\u2019 phr\u00ecomh fhacal (<strong>balach, b\u00f9th<\/strong>), tha an toiseach aig <strong>beag, m\u00f2r, math <\/strong>ag atharrachadh mar a leanas:<\/p>\n<ul type=\"circle\">\n<li>leis a\u2019 bhalach <strong>bh<\/strong>eag (<em>fireannta<\/em>)<\/li>\n<\/ul>\n<ul type=\"circle\">\n<li>anns a\u2019 bh\u00f9th <strong>mh<\/strong>\u00f2<strong>ir<\/strong> (<em>boireannta<\/em>).<\/li>\n<\/ul>\n<p>\u00a0[Ie, tha toiseach fhaclan mar <strong>beag, m\u00f2r <\/strong>ag atharrachadh le faclan <em>boireannta<\/em> agus <em>fireannta<\/em> ach chan eil an deireadh ag atharrachadh ach a-mh\u00e0in le faclan <em>boireannta<\/em>.]<\/p>\n<p>Ma tha facal eile no abairt mar <strong>ri taobh<\/strong> no <strong>a\u2019 lorg <\/strong>a\u2019 tighinn ron phr\u00ecomh fhacal (<strong>cat, seacaid<\/strong>), tha toiseach agus deireadh <strong>beag<\/strong>, <strong>caol, geal <\/strong>ag atharrachadh mar a leanas:<\/p>\n<ul type=\"circle\">\n<li>earball a\u2019 chait <strong>ch<\/strong>ao<strong>il<\/strong> (fireannta),<\/li>\n<\/ul>\n<ul type=\"circle\">\n<li>a\u2019 glanadh na seacaid <strong>ghil <\/strong><em>no<\/em> a\u2019 glanadh na<strong> <\/strong>seacaide<strong> gile<\/strong> (boireannta).<\/li>\n<\/ul>\n<p>\u00a0[Anns an eisimpleir mu dheireadh, \u2019s e <strong>na seacaid ghil <\/strong>an riochd as cumanta san latha an-diugh ach chithear agus cluinnear an riochd traidiseanta <strong>na seacaide gile<\/strong> fhathast cuideachd. Tha an <strong>ea<\/strong> ann an <strong>geal<\/strong> ag atharrachadh gu <strong>i<\/strong> ann an <strong>ghil\/gile<\/strong>.]<\/p>\n<p>&nbsp;<\/p>\n<hr \/>\n<div id=\"ccchildpages-1\" class=\"ccchildpages ccflex twocol ccgreen ccclearfix\"><ul class=\"ccchildpages_list ccclearfix\"><li class=\"page_item page-item-527\"><a href=\"https:\/\/storlann.co.uk\/mirean\/clar-amais\/co-ris-a-tha-rud-no-neach-coltach\/balach-beag-nighean-mhor\/eisimpleir\/\">Eisimpleirean<\/a><\/li>\n<li class=\"page_item page-item-525\"><a href=\"https:\/\/storlann.co.uk\/mirean\/clar-amais\/co-ris-a-tha-rud-no-neach-coltach\/balach-beag-nighean-mhor\/obair-ire-t\/\">Obair \u00ecre T<\/a><\/li>\n<li class=\"page_item page-item-523\"><a href=\"https:\/\/storlann.co.uk\/mirean\/clar-amais\/co-ris-a-tha-rud-no-neach-coltach\/balach-beag-nighean-mhor\/obair-ire-1\/\">Obair \u00ecre 1<\/a><\/li>\n<li class=\"page_item page-item-521\"><a href=\"https:\/\/storlann.co.uk\/mirean\/clar-amais\/co-ris-a-tha-rud-no-neach-coltach\/balach-beag-nighean-mhor\/obair-ire-2\/\">Obair \u00ecre 2<\/a><\/li><\/ul><\/div>\n","protected":false},"excerpt":{"rendered":"<p>M\u00ecneachadh Tha na faclan beag, m\u00f2r, math, dona, dubh, geal, luath, mall agus an leithid air an cleachdadh airson innse c\u00f2 ris a tha rud no neach coltach. Nuair a tha iad \u2018ceangailte\u2019 ri facal eile, ann an seantans a tha mu dheidhinn rudeigin eile, tha na faclan seo ag atharrachadh a r\u00e8ir an e [&hellip;]<\/p>\n","protected":false},"author":1,"featured_media":0,"parent":177,"menu_order":60,"comment_status":"closed","ping_status":"closed","template":"","meta":{"inline_featured_image":false,"footnotes":""},"class_list":["post-348","page","type-page","status-publish","hentry","has-post-title","has-post-date","has-post-category","has-post-tag","has-post-comment","has-post-author",""],"builder_content":"","_links":{"self":[{"href":"https:\/\/storlann.co.uk\/mirean\/wp-json\/wp\/v2\/pages\/348","targetHints":{"allow":["GET"]}}],"collection":[{"href":"https:\/\/storlann.co.uk\/mirean\/wp-json\/wp\/v2\/pages"}],"about":[{"href":"https:\/\/storlann.co.uk\/mirean\/wp-json\/wp\/v2\/types\/page"}],"author":[{"embeddable":true,"href":"https:\/\/storlann.co.uk\/mirean\/wp-json\/wp\/v2\/users\/1"}],"replies":[{"embeddable":true,"href":"https:\/\/storlann.co.uk\/mirean\/wp-json\/wp\/v2\/comments?post=348"}],"version-history":[{"count":0,"href":"https:\/\/storlann.co.uk\/mirean\/wp-json\/wp\/v2\/pages\/348\/revisions"}],"up":[{"embeddable":true,"href":"https:\/\/storlann.co.uk\/mirean\/wp-json\/wp\/v2\/pages\/177"}],"wp:attachment":[{"href":"https:\/\/storlann.co.uk\/mirean\/wp-json\/wp\/v2\/media?parent=348"}],"curies":[{"name":"wp","href":"https:\/\/api.w.org\/{rel}","templated":true}]}}